{"id":33,"date":"2019-02-04T11:16:09","date_gmt":"2019-02-04T11:16:09","guid":{"rendered":"http:\/\/wordpress.andreas-pfeiffer.de\/?page_id=33"},"modified":"2026-01-28T08:16:26","modified_gmt":"2026-01-28T08:16:26","slug":"vorlesungen-andreas-pfeiffer","status":"publish","type":"page","link":"https:\/\/andreas-pfeiffer.de\/?page_id=33","title":{"rendered":"Vorlesungen"},"content":{"rendered":"\r\n<figure class=\"wp-block-image\"><img loading=\"lazy\" decoding=\"async\" width=\"1024\" height=\"293\" class=\"wp-image-363\" src=\"http:\/\/wordpress.andreas-pfeiffer.de\/wp-content\/uploads\/2019\/02\/auditorium-572776_1920-1024x293.jpg\" alt=\"\" srcset=\"https:\/\/andreas-pfeiffer.de\/wp-content\/uploads\/2019\/02\/auditorium-572776_1920-1024x293.jpg 1024w, https:\/\/andreas-pfeiffer.de\/wp-content\/uploads\/2019\/02\/auditorium-572776_1920-300x86.jpg 300w, https:\/\/andreas-pfeiffer.de\/wp-content\/uploads\/2019\/02\/auditorium-572776_1920-768x220.jpg 768w, https:\/\/andreas-pfeiffer.de\/wp-content\/uploads\/2019\/02\/auditorium-572776_1920.jpg 1920w\" sizes=\"auto, (max-width: 1024px) 100vw, 1024px\" \/><\/figure>\r\n\r\n\r\n\r\n<p><span style=\"color: #000000;\">Seit mehr als einem Jahrzehnt bin ich als renommierter Gastdozent an f\u00fchrenden Hochschulen in Deutschland, den Niederlanden, \u00d6sterreich und der Schweiz t\u00e4tig. Meine Vorlesungen decken ein breites Spektrum ergotherapeutischer Themen ab &#8211; von wissenschaftlichen Leitlinien und evidenzbasierten Konzepten bis hin zu berufspolitischen Fragestellungen und zukunftsweisenden Entwicklungen wie eHealth und Telematikinfrastruktur.<\/span><\/p>\r\n<p><span style=\"color: #000000;\">Es folgt eine \u00dcbersicht \u00fcber Vorlesungen, die ich gehalten habe.<\/span><br \/><span style=\"color: #000000;\">Die Liste ist chronologisch. Identische Vorlesungen habe ich unter dem ersten Termin zusammengefasst. Nehmen Sie mit mir Kontakt auf, wenn Sie nach einem Referenten f\u00fcr einen Vorlesung suchen.<\/span><\/p>\r\n<p><span style=\"color: #000000;\">\r\n\r\n<\/span><\/p>\r\n<div id=\"ez-toc-container\" class=\"ez-toc-v2_0_82_2 counter-flat ez-toc-counter ez-toc-grey ez-toc-container-direction\">\n<p class=\"ez-toc-title\" style=\"cursor:inherit\">\u00dcbersicht<\/p>\n<label for=\"ez-toc-cssicon-toggle-item-69f4541eac695\" class=\"ez-toc-cssicon-toggle-label\"><span class=\"\"><span class=\"eztoc-hide\" style=\"display:none;\">Toggle<\/span><span class=\"ez-toc-icon-toggle-span\"><svg style=\"fill: #999;color:#999\" xmlns=\"http:\/\/www.w3.org\/2000\/svg\" class=\"list-377408\" width=\"20px\" height=\"20px\" viewBox=\"0 0 24 24\" fill=\"none\"><path d=\"M6 6H4v2h2V6zm14 0H8v2h12V6zM4 11h2v2H4v-2zm16 0H8v2h12v-2zM4 16h2v2H4v-2zm16 0H8v2h12v-2z\" fill=\"currentColor\"><\/path><\/svg><svg style=\"fill: #999;color:#999\" class=\"arrow-unsorted-368013\" xmlns=\"http:\/\/www.w3.org\/2000\/svg\" width=\"10px\" height=\"10px\" viewBox=\"0 0 24 24\" version=\"1.2\" baseProfile=\"tiny\"><path d=\"M18.2 9.3l-6.2-6.3-6.2 6.3c-.2.2-.3.4-.3.7s.1.5.3.7c.2.2.4.3.7.3h11c.3 0 .5-.1.7-.3.2-.2.3-.5.3-.7s-.1-.5-.3-.7zM5.8 14.7l6.2 6.3 6.2-6.3c.2-.2.3-.5.3-.7s-.1-.5-.3-.7c-.2-.2-.4-.3-.7-.3h-11c-.3 0-.5.1-.7.3-.2.2-.3.5-.3.7s.1.5.3.7z\"\/><\/svg><\/span><\/span><\/label><input type=\"checkbox\"  id=\"ez-toc-cssicon-toggle-item-69f4541eac695\"  aria-label=\"Toggle\" \/><nav><ul class='ez-toc-list ez-toc-list-level-1 ' ><li class='ez-toc-page-1'><a class=\"ez-toc-link ez-toc-heading-1\" href=\"https:\/\/andreas-pfeiffer.de\/?page_id=33\/#Exemplarische_Perspektiven_im_Bedenken_und_Beruecksichtigen_von_Einflussfaktoren_und_Begleitumstaende_im_psychiatrischen_Kontext_der_Ergotherapie_%E2%80%93_pragmatisches_Reasoning\" >Exemplarische Perspektiven im Bedenken und Ber\u00fccksichtigen von Einflussfaktoren und Begleitumst\u00e4nde im psychiatrischen Kontext der Ergotherapie &#8211; pragmatisches Reasoning<\/a><\/li><li class='ez-toc-page-1'><a class=\"ez-toc-link ez-toc-heading-2\" href=\"https:\/\/andreas-pfeiffer.de\/?page_id=33\/#Occupational_therapy_in_Germany\" >Occupational therapy in Germany<\/a><\/li><li class='ez-toc-page-1'><a class=\"ez-toc-link ez-toc-heading-3\" href=\"https:\/\/andreas-pfeiffer.de\/?page_id=33\/#Manualisierte_ergotherapeutische_Interventionen_am_Beispiel_von_Handeln_gegen_Traegheit\" >Manualisierte ergotherapeutische Interventionen am Beispiel von\u00a0Handeln gegen Tr\u00e4gheit<\/a><\/li><li class='ez-toc-page-1'><a class=\"ez-toc-link ez-toc-heading-4\" href=\"https:\/\/andreas-pfeiffer.de\/?page_id=33\/#Handeln_gegen_Traegheit_Mach_%CC%81_den_Master\" >Handeln gegen Tr\u00e4gheit\u00a0&amp; Mach \u0301 den Master<\/a><\/li><li class='ez-toc-page-1'><a class=\"ez-toc-link ez-toc-heading-5\" href=\"https:\/\/andreas-pfeiffer.de\/?page_id=33\/#Wissenschaftliche_Leitlinien_Erstellungsprozess_und_Bedeutung_fuer_die_Ergotherapie\" >Wissenschaftliche Leitlinien, Erstellungsprozess und Bedeutung f\u00fcr die Ergotherapie<\/a><\/li><li class='ez-toc-page-1'><a class=\"ez-toc-link ez-toc-heading-6\" href=\"https:\/\/andreas-pfeiffer.de\/?page_id=33\/#Evidenzbasierte_Konzepte_psychiatrischer_Ergotherapie\" >Evidenzbasierte Konzepte psychiatrischer Ergotherapie<\/a><\/li><li class='ez-toc-page-1'><a class=\"ez-toc-link ez-toc-heading-7\" href=\"https:\/\/andreas-pfeiffer.de\/?page_id=33\/#Berufspolitik\" >Berufspolitik<\/a><\/li><li class='ez-toc-page-1'><a class=\"ez-toc-link ez-toc-heading-8\" href=\"https:\/\/andreas-pfeiffer.de\/?page_id=33\/#Zukunft_der_Ergotherapie\" >Zukunft der Ergotherapie<\/a><\/li><li class='ez-toc-page-1'><a class=\"ez-toc-link ez-toc-heading-9\" href=\"https:\/\/andreas-pfeiffer.de\/?page_id=33\/#eHealth_und_Telematikinfrastruktur\" >eHealth und Telematikinfrastruktur<\/a><\/li><\/ul><\/nav><\/div>\n<h3 class=\"wp-block-heading\"><span class=\"ez-toc-section\" id=\"Exemplarische_Perspektiven_im_Bedenken_und_Beruecksichtigen_von_Einflussfaktoren_und_Begleitumstaende_im_psychiatrischen_Kontext_der_Ergotherapie_%E2%80%93_pragmatisches_Reasoning\"><\/span><span style=\"color: #000000;\">Exemplarische Perspektiven im Bedenken und Ber\u00fccksichtigen von Einflussfaktoren und Begleitumst\u00e4nde im psychiatrischen Kontext der Ergotherapie &#8211; pragmatisches Reasoning<\/span><span class=\"ez-toc-section-end\"><\/span><\/h3>\r\n<p><span style=\"color: #000000;\">\r\n\r\n<\/span><\/p>\r\n<p><span style=\"color: #000000;\">28.02.2014: Vorlesung an der Hochschule Osnabr\u00fcck<\/span><\/p>\r\n<p><span style=\"color: #000000;\">\r\n\r\n<\/span><\/p>\r\n<h3 class=\"wp-block-heading\"><span class=\"ez-toc-section\" id=\"Occupational_therapy_in_Germany\"><\/span><br \/><span style=\"color: #000000;\">Occupational therapy in Germany<\/span><span class=\"ez-toc-section-end\"><\/span><\/h3>\r\n<p><span style=\"color: #000000;\">\r\n\r\n<\/span><\/p>\r\n<p><span style=\"color: #000000;\">Mein Besuch der Queen&#8217;s University in Kingston, Ontario, Kanada bot eine einmalige Gelegenheit, den Austausch mit den Autorinnen und Anwender:innen der ergotherapeutischen Intervention \u201eAction over Inertia&#8220; (Handeln gegen Tr\u00e4gheit) zu vertiefen und gleichzeitig die deutsche Ergotherapie international zu pr\u00e4sentieren.<\/span><\/p>\r\n<p><span style=\"color: #000000;\">04.03.2015 Queens University Kingston, Ontario Kanada<\/span><\/p>\r\n<p><span style=\"color: #000000;\">\r\n\r\n<\/span><\/p>\r\n<h3 class=\"wp-block-heading\"><span class=\"ez-toc-section\" id=\"Manualisierte_ergotherapeutische_Interventionen_am_Beispiel_von_Handeln_gegen_Traegheit\"><\/span><br \/><span style=\"color: #000000;\">Manualisierte ergotherapeutische Interventionen am Beispiel von\u00a0<em>Handeln gegen Tr\u00e4gheit<\/em><\/span><span class=\"ez-toc-section-end\"><\/span><\/h3>\r\n<p><span style=\"color: #000000;\">\r\n\r\n<\/span><\/p>\r\n<p><span style=\"color: #000000;\">19.02.2016: Vorlesung an der Hochschule Osnabr\u00fcck<\/span><\/p>\r\n<p><span style=\"color: #000000;\">\r\n\r\n<\/span><\/p>\r\n<h3 class=\"wp-block-heading\"><span class=\"ez-toc-section\" id=\"Handeln_gegen_Traegheit_Mach_%CC%81_den_Master\"><\/span><br \/><span style=\"color: #000000;\"><em>Handeln gegen Tr\u00e4gheit\u00a0<\/em>&amp; Mach \u0301 den Master<\/span><span class=\"ez-toc-section-end\"><\/span><\/h3>\r\n<p><span style=\"color: #000000;\">\r\n\r\n<\/span><\/p>\r\n<p><span style=\"color: #000000;\">18.11.2016: Vorlesung an der Hogeschool Zuyd, Heerlen (NL)<\/span><\/p>\r\n<p><span style=\"color: #000000;\">\r\n\r\n<\/span><\/p>\r\n<h3 class=\"wp-block-heading\"><span class=\"ez-toc-section\" id=\"Wissenschaftliche_Leitlinien_Erstellungsprozess_und_Bedeutung_fuer_die_Ergotherapie\"><\/span><br \/><span style=\"color: #000000;\">Wissenschaftliche Leitlinien, Erstellungsprozess und Bedeutung f\u00fcr die Ergotherapie<\/span><span class=\"ez-toc-section-end\"><\/span><\/h3>\r\n<p><span style=\"color: #000000;\">\r\n\r\n<\/span><\/p>\r\n<p><span style=\"color: #000000;\">20.05.2011: Vorlesung an der Hogeschool Zuyd, Heerlen (NL) <\/span><br \/><span style=\"color: #000000;\">25.09.2011: Vorlesung an der Hogeschool Zuyd, Heerlen (NL) <\/span><br \/><span style=\"color: #000000;\">17.11.2012: Vorlesung an der Hogeschool Zuyd, Heerlen (NL) <\/span><br \/><span style=\"color: #000000;\">31.08.2013: Vorlesung an der Hogeschool Zuyd, Heerlen (NL)<\/span><br \/><span style=\"color: #000000;\">05.03.2014: Vorlesung an der Hogeschool Zuyd, Heerlen (NL) <\/span><br \/><span style=\"color: #000000;\">02.04.2016: Vorlesung an der Hogeschool Zuyd, Heerlen (NL) <\/span><br \/><span style=\"color: #000000;\">08.04.2017: Vorlesung an der Hogeschool Zuyd, Heerlen (NL)<\/span><br \/><span style=\"color: #000000;\">ab 2018: Vorlesung als drei Online-Pr\u00e4sentationen<\/span><\/p>\r\n<p><span style=\"color: #000000;\">\r\n\r\n<\/span><\/p>\r\n<h3 class=\"wp-block-heading\"><span class=\"ez-toc-section\" id=\"Evidenzbasierte_Konzepte_psychiatrischer_Ergotherapie\"><\/span><br \/><span style=\"color: #000000;\">Evidenzbasierte Konzepte psychiatrischer Ergotherapie<\/span><span class=\"ez-toc-section-end\"><\/span><\/h3>\r\n<p><span style=\"color: #000000;\">\r\n\r\n<\/span><\/p>\r\n<p><span style=\"color: #000000;\">20.03.2018: Vorlesung an der Donau-Universit\u00e4t-Krems, Krems (A)<\/span><\/p>\r\n<p><span style=\"color: #000000;\">\r\n\r\n<\/span><\/p>\r\n<h3><span class=\"ez-toc-section\" id=\"Berufspolitik\"><\/span><br \/><span style=\"color: #000000;\">Berufspolitik<\/span><span class=\"ez-toc-section-end\"><\/span><\/h3>\r\n<p><span style=\"color: #000000;\">\r\n\r\n<\/span><\/p>\r\n<p><span style=\"color: #000000;\">Inhalt dieser Vorlesung ist das berufspolitische Engagement am Beispiel des Spitzenverbands der Heilmittelverb\u00e4nde (SHV) und seiner Mitgliedsverb\u00e4nde. Die Veranstaltung bietet einen informativen Einblick in die Strukturen und Arbeitsprozesse des Verbandes sowie einen Blick \u201ehinter die Kulissen&#8220; der berufspolitischen Interessenvertretung.<\/span><\/p>\r\n<p><span style=\"color: #000000;\">10.11.2021: Vorlesung an der Hochschule f\u00fcr angewandte Wissenschaft und Kunst (HAWK), Hildesheim<\/span><br \/><span style=\"color: #000000;\">29.11.2022: Vorlesung an der Hochschule f\u00fcr angewandte Wissenschaft und Kunst (HAWK), Hildesheim<\/span><br \/><span style=\"color: #000000;\">10.05.2023: Vorlesung an der Hochschule f\u00fcr angewandte Wissenschaft und Kunst (HAWK), Hildesheim<\/span><br \/><span style=\"color: #000000;\">21.11.2023: Vorlesung an der Hochschule f\u00fcr angewandte Wissenschaft und Kunst (HAWK), Hildesheim<\/span><br \/><span style=\"color: #000000;\">22.05.2024: Vorlesung an der Hochschule f\u00fcr angewandte Wissenschaft und Kunst (HAWK), Hildesheim<\/span><br \/><span style=\"color: #000000;\">19.11.2024: Vorlesung an der Hochschule f\u00fcr angewandte Wissenschaft und Kunst (HAWK), Hildesheim<\/span><br \/><span style=\"color: #000000;\">30.04.2025: Vorlesung an der Hochschule f\u00fcr angewandte Wissenschaft und Kunst (HAWK), Hildesheim<br \/>19.11.2025: Vorlesung an der Hochschule f\u00fcr angewandte Wissenschaft und Kunst (HAWK), Hildesheim<br \/><\/span><\/p>\r\n<p>&nbsp;<\/p>\r\n<h3><span class=\"ez-toc-section\" id=\"Zukunft_der_Ergotherapie\"><\/span><span style=\"color: #000000;\">Zukunft der Ergotherapie<\/span><span class=\"ez-toc-section-end\"><\/span><\/h3>\r\n<p><span style=\"color: #000000;\">18.12.2022: Vorlesung an der Hogeschool Zuyd, Heerlen (NL)<\/span><br \/><span style=\"color: #000000;\">10.12.2023: Vorlesung an der Hogeschool Zuyd, Heerlen (NL)<\/span><\/p>\r\n<p>&nbsp;<\/p>\r\n<h3><span class=\"ez-toc-section\" id=\"eHealth_und_Telematikinfrastruktur\"><\/span><span style=\"color: #000000;\">eHealth und Telematikinfrastruktur<\/span><span class=\"ez-toc-section-end\"><\/span><\/h3>\r\n<p><span style=\"color: #000000;\">Schon vor meiner Ausbildung habe ich mich mit Computern besch\u00e4ftigt, zu einer Zeit, als es das Internet noch nicht gab und man die Programme jedes Mal neu eintippen musste, wenn man den Computer startete. Diese Internetseite war eine der ersten deutschsprachigen Ergotherapieseiten im Internet. Aus heutiger Sicht begleitet mich eHealth durch mein gesamtes Berufsleben: Von 1997 bis zu meiner Wahl zum Vorsitzenden 2018 habe ich ehrenamtlich den Fachausschuss Technische Mittel und Medien des DVE geleitet. Ich freue mich, seit 2025 einen Lehrauftrag zum Thema eHealth an der Hochschule Trier erhalten zu haben.\u200b\u200b\u200b\u200b\u200b\u200b\u200b\u200b\u200b\u200b\u200b\u200b\u200b\u200b\u200b\u200b<\/span><\/p>\r\n<p><span style=\"color: #000000;\">24.01.2025 Hochschule Trier<br \/>23.01.2026 Hochschule Trier<br \/><\/span><\/p>\r\n","protected":false},"excerpt":{"rendered":"<p>Seit mehr als einem Jahrzehnt bin ich als renommierter Gastdozent an f\u00fchrenden Hochschulen in Deutschland, den Niederlanden, \u00d6sterreich und der Schweiz t\u00e4tig. Meine Vorlesungen decken ein breites Spektrum ergotherapeutischer Themen ab &#8211; von wissenschaftlichen Leitlinien und evidenzbasierten Konzepten bis hin zu berufspolitischen Fragestellungen und zukunftsweisenden Entwicklungen wie eHealth und Telematikinfrastruktur. Es folgt eine \u00dcbersicht \u00fcber [&hellip;]<\/p>\n","protected":false},"author":1,"featured_media":0,"parent":0,"menu_order":0,"comment_status":"closed","ping_status":"closed","template":"","meta":{"footnotes":""},"class_list":["post-33","page","type-page","status-publish","hentry"],"yoast_head":"<!-- This site is optimized with the Yoast SEO plugin v27.5 - https:\/\/yoast.com\/product\/yoast-seo-wordpress\/ -->\n<title>Vorlesungen - Andreas Pfeiffer<\/title>\n<meta name=\"description\" content=\"Hier erfahren Sie mehr \u00fcber meine Vorlesungen zu ergotherapeutischen Themen wie eHealth, Berufspolitik, Evidenzbasierung und viele mehr...\" \/>\n<meta name=\"robots\" content=\"index, follow, max-snippet:-1, max-image-preview:large, max-video-preview:-1\" \/>\n<link rel=\"canonical\" href=\"https:\/\/andreas-pfeiffer.de\/?page_id=33\" \/>\n<meta property=\"og:locale\" content=\"de_DE\" \/>\n<meta property=\"og:type\" content=\"article\" \/>\n<meta property=\"og:title\" content=\"Vorlesungen - Andreas Pfeiffer\" \/>\n<meta property=\"og:description\" content=\"Hier erfahren Sie mehr \u00fcber meine Vorlesungen zu ergotherapeutischen Themen wie eHealth, Berufspolitik, Evidenzbasierung und viele mehr...\" \/>\n<meta property=\"og:url\" content=\"https:\/\/andreas-pfeiffer.de\/?page_id=33\" \/>\n<meta property=\"og:site_name\" content=\"Andreas Pfeiffer\" \/>\n<meta property=\"article:modified_time\" content=\"2026-01-28T08:16:26+00:00\" \/>\n<meta property=\"og:image\" content=\"https:\/\/andreas-pfeiffer.de\/wp-content\/uploads\/2019\/02\/auditorium-572776_1920.jpg\" \/>\n\t<meta property=\"og:image:width\" content=\"1920\" \/>\n\t<meta property=\"og:image:height\" content=\"550\" \/>\n\t<meta property=\"og:image:type\" content=\"image\/jpeg\" \/>\n<meta name=\"twitter:card\" content=\"summary_large_image\" \/>\n<meta name=\"twitter:label1\" content=\"Gesch\u00e4tzte Lesezeit\" \/>\n\t<meta name=\"twitter:data1\" content=\"4\u00a0Minuten\" \/>\n<script type=\"application\/ld+json\" class=\"yoast-schema-graph\">{\"@context\":\"https:\\\/\\\/schema.org\",\"@graph\":[{\"@type\":\"WebPage\",\"@id\":\"https:\\\/\\\/andreas-pfeiffer.de\\\/?page_id=33\",\"url\":\"https:\\\/\\\/andreas-pfeiffer.de\\\/?page_id=33\",\"name\":\"Vorlesungen - Andreas Pfeiffer\",\"isPartOf\":{\"@id\":\"https:\\\/\\\/andreas-pfeiffer.de\\\/#website\"},\"primaryImageOfPage\":{\"@id\":\"https:\\\/\\\/andreas-pfeiffer.de\\\/?page_id=33#primaryimage\"},\"image\":{\"@id\":\"https:\\\/\\\/andreas-pfeiffer.de\\\/?page_id=33#primaryimage\"},\"thumbnailUrl\":\"http:\\\/\\\/wordpress.andreas-pfeiffer.de\\\/wp-content\\\/uploads\\\/2019\\\/02\\\/auditorium-572776_1920-1024x293.jpg\",\"datePublished\":\"2019-02-04T11:16:09+00:00\",\"dateModified\":\"2026-01-28T08:16:26+00:00\",\"description\":\"Hier erfahren Sie mehr \u00fcber meine Vorlesungen zu ergotherapeutischen Themen wie eHealth, Berufspolitik, Evidenzbasierung und viele mehr...\",\"breadcrumb\":{\"@id\":\"https:\\\/\\\/andreas-pfeiffer.de\\\/?page_id=33#breadcrumb\"},\"inLanguage\":\"de\",\"potentialAction\":[{\"@type\":\"ReadAction\",\"target\":[\"https:\\\/\\\/andreas-pfeiffer.de\\\/?page_id=33\"]}]},{\"@type\":\"ImageObject\",\"inLanguage\":\"de\",\"@id\":\"https:\\\/\\\/andreas-pfeiffer.de\\\/?page_id=33#primaryimage\",\"url\":\"http:\\\/\\\/wordpress.andreas-pfeiffer.de\\\/wp-content\\\/uploads\\\/2019\\\/02\\\/auditorium-572776_1920-1024x293.jpg\",\"contentUrl\":\"http:\\\/\\\/wordpress.andreas-pfeiffer.de\\\/wp-content\\\/uploads\\\/2019\\\/02\\\/auditorium-572776_1920-1024x293.jpg\"},{\"@type\":\"BreadcrumbList\",\"@id\":\"https:\\\/\\\/andreas-pfeiffer.de\\\/?page_id=33#breadcrumb\",\"itemListElement\":[{\"@type\":\"ListItem\",\"position\":1,\"name\":\"Startseite\",\"item\":\"https:\\\/\\\/andreas-pfeiffer.de\\\/\"},{\"@type\":\"ListItem\",\"position\":2,\"name\":\"Vorlesungen\"}]},{\"@type\":\"WebSite\",\"@id\":\"https:\\\/\\\/andreas-pfeiffer.de\\\/#website\",\"url\":\"https:\\\/\\\/andreas-pfeiffer.de\\\/\",\"name\":\"Andreas Pfeiffer\",\"description\":\"Ergotherapeut\",\"publisher\":{\"@id\":\"https:\\\/\\\/andreas-pfeiffer.de\\\/#\\\/schema\\\/person\\\/faf4c19532443b2c6dab5f647e1e4a99\"},\"potentialAction\":[{\"@type\":\"SearchAction\",\"target\":{\"@type\":\"EntryPoint\",\"urlTemplate\":\"https:\\\/\\\/andreas-pfeiffer.de\\\/?s={search_term_string}\"},\"query-input\":{\"@type\":\"PropertyValueSpecification\",\"valueRequired\":true,\"valueName\":\"search_term_string\"}}],\"inLanguage\":\"de\"},{\"@type\":[\"Person\",\"Organization\"],\"@id\":\"https:\\\/\\\/andreas-pfeiffer.de\\\/#\\\/schema\\\/person\\\/faf4c19532443b2c6dab5f647e1e4a99\",\"name\":\"Andreas Pfeiffer\",\"image\":{\"@type\":\"ImageObject\",\"inLanguage\":\"de\",\"@id\":\"http:\\\/\\\/andreas-pfeiffer.de\\\/wp-content\\\/uploads\\\/2019\\\/02\\\/Bild2018.jpg\",\"url\":\"http:\\\/\\\/andreas-pfeiffer.de\\\/wp-content\\\/uploads\\\/2019\\\/02\\\/Bild2018.jpg\",\"contentUrl\":\"http:\\\/\\\/andreas-pfeiffer.de\\\/wp-content\\\/uploads\\\/2019\\\/02\\\/Bild2018.jpg\",\"width\":1072,\"height\":712,\"caption\":\"Andreas Pfeiffer\"},\"logo\":{\"@id\":\"http:\\\/\\\/andreas-pfeiffer.de\\\/wp-content\\\/uploads\\\/2019\\\/02\\\/Bild2018.jpg\"}}]}<\/script>\n<!-- \/ Yoast SEO plugin. -->","yoast_head_json":{"title":"Vorlesungen - Andreas Pfeiffer","description":"Hier erfahren Sie mehr \u00fcber meine Vorlesungen zu ergotherapeutischen Themen wie eHealth, Berufspolitik, Evidenzbasierung und viele mehr...","robots":{"index":"index","follow":"follow","max-snippet":"max-snippet:-1","max-image-preview":"max-image-preview:large","max-video-preview":"max-video-preview:-1"},"canonical":"https:\/\/andreas-pfeiffer.de\/?page_id=33","og_locale":"de_DE","og_type":"article","og_title":"Vorlesungen - Andreas Pfeiffer","og_description":"Hier erfahren Sie mehr \u00fcber meine Vorlesungen zu ergotherapeutischen Themen wie eHealth, Berufspolitik, Evidenzbasierung und viele mehr...","og_url":"https:\/\/andreas-pfeiffer.de\/?page_id=33","og_site_name":"Andreas Pfeiffer","article_modified_time":"2026-01-28T08:16:26+00:00","og_image":[{"width":1920,"height":550,"url":"https:\/\/andreas-pfeiffer.de\/wp-content\/uploads\/2019\/02\/auditorium-572776_1920.jpg","type":"image\/jpeg"}],"twitter_card":"summary_large_image","twitter_misc":{"Gesch\u00e4tzte Lesezeit":"4\u00a0Minuten"},"schema":{"@context":"https:\/\/schema.org","@graph":[{"@type":"WebPage","@id":"https:\/\/andreas-pfeiffer.de\/?page_id=33","url":"https:\/\/andreas-pfeiffer.de\/?page_id=33","name":"Vorlesungen - Andreas Pfeiffer","isPartOf":{"@id":"https:\/\/andreas-pfeiffer.de\/#website"},"primaryImageOfPage":{"@id":"https:\/\/andreas-pfeiffer.de\/?page_id=33#primaryimage"},"image":{"@id":"https:\/\/andreas-pfeiffer.de\/?page_id=33#primaryimage"},"thumbnailUrl":"http:\/\/wordpress.andreas-pfeiffer.de\/wp-content\/uploads\/2019\/02\/auditorium-572776_1920-1024x293.jpg","datePublished":"2019-02-04T11:16:09+00:00","dateModified":"2026-01-28T08:16:26+00:00","description":"Hier erfahren Sie mehr \u00fcber meine Vorlesungen zu ergotherapeutischen Themen wie eHealth, Berufspolitik, Evidenzbasierung und viele mehr...","breadcrumb":{"@id":"https:\/\/andreas-pfeiffer.de\/?page_id=33#breadcrumb"},"inLanguage":"de","potentialAction":[{"@type":"ReadAction","target":["https:\/\/andreas-pfeiffer.de\/?page_id=33"]}]},{"@type":"ImageObject","inLanguage":"de","@id":"https:\/\/andreas-pfeiffer.de\/?page_id=33#primaryimage","url":"http:\/\/wordpress.andreas-pfeiffer.de\/wp-content\/uploads\/2019\/02\/auditorium-572776_1920-1024x293.jpg","contentUrl":"http:\/\/wordpress.andreas-pfeiffer.de\/wp-content\/uploads\/2019\/02\/auditorium-572776_1920-1024x293.jpg"},{"@type":"BreadcrumbList","@id":"https:\/\/andreas-pfeiffer.de\/?page_id=33#breadcrumb","itemListElement":[{"@type":"ListItem","position":1,"name":"Startseite","item":"https:\/\/andreas-pfeiffer.de\/"},{"@type":"ListItem","position":2,"name":"Vorlesungen"}]},{"@type":"WebSite","@id":"https:\/\/andreas-pfeiffer.de\/#website","url":"https:\/\/andreas-pfeiffer.de\/","name":"Andreas Pfeiffer","description":"Ergotherapeut","publisher":{"@id":"https:\/\/andreas-pfeiffer.de\/#\/schema\/person\/faf4c19532443b2c6dab5f647e1e4a99"},"potentialAction":[{"@type":"SearchAction","target":{"@type":"EntryPoint","urlTemplate":"https:\/\/andreas-pfeiffer.de\/?s={search_term_string}"},"query-input":{"@type":"PropertyValueSpecification","valueRequired":true,"valueName":"search_term_string"}}],"inLanguage":"de"},{"@type":["Person","Organization"],"@id":"https:\/\/andreas-pfeiffer.de\/#\/schema\/person\/faf4c19532443b2c6dab5f647e1e4a99","name":"Andreas Pfeiffer","image":{"@type":"ImageObject","inLanguage":"de","@id":"http:\/\/andreas-pfeiffer.de\/wp-content\/uploads\/2019\/02\/Bild2018.jpg","url":"http:\/\/andreas-pfeiffer.de\/wp-content\/uploads\/2019\/02\/Bild2018.jpg","contentUrl":"http:\/\/andreas-pfeiffer.de\/wp-content\/uploads\/2019\/02\/Bild2018.jpg","width":1072,"height":712,"caption":"Andreas Pfeiffer"},"logo":{"@id":"http:\/\/andreas-pfeiffer.de\/wp-content\/uploads\/2019\/02\/Bild2018.jpg"}}]}},"_links":{"self":[{"href":"https:\/\/andreas-pfeiffer.de\/index.php?rest_route=\/wp\/v2\/pages\/33","targetHints":{"allow":["GET"]}}],"collection":[{"href":"https:\/\/andreas-pfeiffer.de\/index.php?rest_route=\/wp\/v2\/pages"}],"about":[{"href":"https:\/\/andreas-pfeiffer.de\/index.php?rest_route=\/wp\/v2\/types\/page"}],"author":[{"embeddable":true,"href":"https:\/\/andreas-pfeiffer.de\/index.php?rest_route=\/wp\/v2\/users\/1"}],"replies":[{"embeddable":true,"href":"https:\/\/andreas-pfeiffer.de\/index.php?rest_route=%2Fwp%2Fv2%2Fcomments&post=33"}],"version-history":[{"count":18,"href":"https:\/\/andreas-pfeiffer.de\/index.php?rest_route=\/wp\/v2\/pages\/33\/revisions"}],"predecessor-version":[{"id":2037,"href":"https:\/\/andreas-pfeiffer.de\/index.php?rest_route=\/wp\/v2\/pages\/33\/revisions\/2037"}],"wp:attachment":[{"href":"https:\/\/andreas-pfeiffer.de\/index.php?rest_route=%2Fwp%2Fv2%2Fmedia&parent=33"}],"curies":[{"name":"wp","href":"https:\/\/api.w.org\/{rel}","templated":true}]}}